{"id":3705,"date":"2026-03-31T21:17:29","date_gmt":"2026-04-01T01:17:29","guid":{"rendered":"https:\/\/chantsdevielles.com\/?post_type=stage&#038;p=3705"},"modified":"2026-03-31T21:18:22","modified_gmt":"2026-04-01T01:18:22","slug":"2-master-class-de-vielle-autour-du-repertoire-et-des-techniques-de-jeu-du-bourbonnais-avec-thomas-fradin-centre-france","status":"publish","type":"stage","link":"https:\/\/chantsdevielles.com\/en\/stage\/2-master-class-de-vielle-autour-du-repertoire-et-des-techniques-de-jeu-du-bourbonnais-avec-thomas-fradin-centre-france\/","title":{"rendered":"#2 Master class de vielle autour du r\u00e9pertoire et des techniques de jeu du Bourbonnais avec Thomas FRADIN (Centre France)"},"content":{"rendered":"<p><strong>Pr\u00e9sentation de l&#8217;enseignant<\/strong> : <span style=\"font-weight: 400;\">Vielliste depuis presque toujours, Thomas a commenc\u00e9 la vielle \u00e0 roue \u00e0 l&#8217;\u00e2ge de 5 ans au Conservatoire de Musique de Nevers avec Dominique Forges.\u00a0En 2011, il a int\u00e9gr\u00e9 la Chavann\u00e9e, o\u00f9 il a eu l&#8217;opportunit\u00e9 de suivre les ateliers de Maxou Heintzen. \u00c0 la m\u00eame \u00e9poque, il particip\u00e9 \u00e0 sa premi\u00e8re master class avec Patrick\u00a0 Bouffard, la premi\u00e8re d&#8217;une longue s\u00e9rie.\u00a0 Il a \u00e9galement eu la chance de participer \u00e0 de nombreux stages anim\u00e9s par Gr\u00e9gory Jolivet et Gilles Chabenat, ce qui lui a permis d&#8217;assimiler le meilleur de tous les univers viellistiques. Depuis 2022, il coanime les master class de Patrick Bouffard. L&#8217;occasion pour lui de travailler sa p\u00e9dagogie et de transmettre tout ce qu\u2019il a appris avec la Chavann\u00e9e.<\/span><b>\u00a0<\/b><\/p>\n<p><strong>\u00c0 qui s\u2019adresse ce stage : <span style=\"font-weight: 400;\">Adapt\u00e9 pour les vielleuses et vielleux ma\u00eetrisant le coup de 4, l&#8217;accordage des chanterelles sera de pr\u00e9f\u00e9rence en r\u00e9 et \u00e9ventuellement en sol pour les plus t\u00e9m\u00e9raires qui souhaiteraient un d\u00e9fi de transposition. Pour sa part, l\u2019enseignant sera accord\u00e9 principalement en r\u00e9 et il pourra, par solidarit\u00e9, faire jouer sa chanterelle en sol.<\/span><\/strong><\/p>\n<p><strong>Descriptif : <span style=\"font-weight: 400;\">\u00c0 partir d\u2019un r\u00e9pertoire harmonis\u00e9 et arrang\u00e9 en provenance du Centre France, et plus particuli\u00e8rement du Bourbonnais, les stagiaires passeront en revue contrepoint, \u00e9tude du phras\u00e9, techniques d&#8217;ornementation et bien plus encore, \u00e0 partir des standards du Bourbonnais \u00e0 du r\u00e9pertoire plus moderne.<\/span><\/strong><\/p>\n<p>En compl\u00e9ment au programme d\u2019enseignement de base, les stagiaires auront la possibilit\u00e9 de participer \u00e0 des activit\u00e9s grand public optionnelles lors du festival.\u00a0 Les d\u00e9tails de ces activit\u00e9s seront pr\u00e9cis\u00e9s d\u00e8s le 1er juin.\u00a0 Parmi ces activit\u00e9s, des lieux et moments de sessions seront sugg\u00e9r\u00e9s. Il est pr\u00e9vu que les stagiaires puissent exp\u00e9rimenter le r\u00e9pertoire acquis devant public en compagnie des stagiaires de cornemuses lors d\u2019une br\u00e8ve performance le dimanche.<\/p>\n<p><em>En compl\u00e9ment au programme d\u2019enseignement de base, les stagiaires auront la possibilit\u00e9 de participer \u00e0 des activit\u00e9s grand public optionnelles lors du festival.\u00a0 Ces activit\u00e9s sugg\u00e9r\u00e9es seront pr\u00e9cis\u00e9es d\u00e8s le 1er juin.\u00a0 Il est pr\u00e9vu que les stagiaires puissent exp\u00e9rimenter le r\u00e9pertoire acquis devant public en compagnie des stagiaires de vielle \u00e0 roue lors du concert Aubade le dimanche en fin de matin\u00e9e.<\/em><\/p>\n<p><strong>MAT\u00c9RIEL FOURNI : <span style=\"font-weight: 400;\">Les th\u00e8mes pourront \u00eatre transmis \u00e0 l&#8217;avance sur demande, mais un apprentissage sur place est privil\u00e9gi\u00e9 pour faire travailler l&#8217;oreille.<\/span><\/strong><\/p>\n<p><strong>LIEU : <\/strong>Village Saint-Antoine-sur-Richelieu (adresse \u00e0 venir)<\/p>\n<p><strong>HORAIRE\u00a0: <\/strong><\/p>\n<p><strong>Jeudi<\/strong><br \/>\n10 h \u00e0 12 h : Classe de ma\u00eetre<br \/>\n12 h \u00e0 14 h : D\u00eener*<br \/>\n14 h \u00e0 17 h : Classe de ma\u00eetre<br \/>\n18 h : Souper*<\/p>\n<p><strong>Vendredi<\/strong><br \/>\n9 h \u00e0 10 h : D\u00e9jeuner*<br \/>\n10 h \u00e0 12 h : Classe de ma\u00eetre<br \/>\n12 h \u00e0 14 h : D\u00eener*<br \/>\n14 h \u00e0 17 h : Classe de ma\u00eetre<\/p>\n<p><em>*Selon les options choisies.<\/em><\/p>\n","protected":false},"featured_media":3733,"template":"","categories":[],"class_list":["post-3705","stage","type-stage","status-publish","has-post-thumbnail","hentry"],"acf":[],"_links":{"self":[{"href":"https:\/\/chantsdevielles.com\/en\/wp-json\/wp\/v2\/stage\/3705","targetHints":{"allow":["GET"]}}],"collection":[{"href":"https:\/\/chantsdevielles.com\/en\/wp-json\/wp\/v2\/stage"}],"about":[{"href":"https:\/\/chantsdevielles.com\/en\/wp-json\/wp\/v2\/types\/stage"}],"wp:featuredmedia":[{"embeddable":true,"href":"https:\/\/chantsdevielles.com\/en\/wp-json\/wp\/v2\/media\/3733"}],"wp:attachment":[{"href":"https:\/\/chantsdevielles.com\/en\/wp-json\/wp\/v2\/media?parent=3705"}],"wp:term":[{"taxonomy":"category","embeddable":true,"href":"https:\/\/chantsdevielles.com\/en\/wp-json\/wp\/v2\/categories?post=3705"}],"curies":[{"name":"wp","href":"https:\/\/api.w.org\/{rel}","templated":true}]}}