{"id":3709,"date":"2026-03-31T21:25:05","date_gmt":"2026-04-01T01:25:05","guid":{"rendered":"https:\/\/chantsdevielles.com\/?post_type=stage&#038;p=3709"},"modified":"2026-03-31T21:25:05","modified_gmt":"2026-04-01T01:25:05","slug":"5-stage-de-chant-de-tradition-orale-avec-roland-brou-bretagne","status":"publish","type":"stage","link":"https:\/\/chantsdevielles.com\/en\/stage\/5-stage-de-chant-de-tradition-orale-avec-roland-brou-bretagne\/","title":{"rendered":"#5 Stage de chant de tradition orale avec Roland Brou (Bretagne)"},"content":{"rendered":"<p><b>Pr\u00e9sentation de l\u2019enseignant : <span style=\"font-weight: 400;\">Originaire de Nantes, Roland Brou a d\u00e9but\u00e9 dans la chanson \u00e0 l\u2019\u00e2ge de 17 ans, mais c\u2019est sa rencontre avec le groupe L\u2019\u00c9cho en 1985 qui sera d\u00e9terminante. Depuis cette date, avec diff\u00e9rentes formations comme BHQ, Les 4 Jean, Roquio, Filifala, Brou-Couton, Faist et geste ainsi que La Belle \u00e9quipe, il s\u2019attache \u00e0 pr\u00e9senter sur sc\u00e8ne et sur cd la richesse des traditions chant\u00e9es de Haute-Bretagne. Il a enregistr\u00e9 en solo ou avec diff\u00e9rentes formations une vingtaine d\u2019albums de 1988 \u00e0 2025.<\/span><\/b><b><br \/>\n<\/b><\/p>\n<p><strong>\u00c0 qui s\u2019adresse ce stage : <span style=\"font-weight: 400;\">Chanteurs traditionnels de niveau interm\u00e9diaire\/avanc\u00e9.<\/span><\/strong><\/p>\n<p><strong>Descriptif : <span style=\"font-weight: 400;\">Le stage d\u00e9butera sur une discussion ouverte pour tenter de d\u00e9finir ce qu\u2019est le chant de tradition orale. Puis les ateliers se diviseront en deux temps et comporteront une partie consacr\u00e9e au chant \u00e0 r\u00e9pondre en prenant comme exemple le chant \u00e0 la marche. L\u2019id\u00e9e \u00e9tant d\u2019aborder un r\u00e9pertoire simple \u00e0 m\u00e9moriser (chansons \u00e0 dizaine) et de les chanter en situation pour former des meneurs et les pr\u00e9parer \u00e0 la randonn\u00e9e chant\u00e9e du dimanche. La seconde partie sera consacr\u00e9e au travail d\u2019interpr\u00e9tation d\u2019une complainte (qu\u2019est ce qu\u2019une complainte ? Les mots de la complainte). \u00c0 partir du r\u00e9pertoire que chacun aura pu amener (pr\u00e9parer une complainte ou chanson \u00e0 \u00e9couter), le stagiaire aura \u00e0 travailler la posture, la respiration et le geste mais aussi l\u2019interpr\u00e9tation et la pr\u00e9sence.<br \/>\nL\u2019apprentissage d\u2019une ou deux complaintes de Haute-Bretagne compl\u00e8tera le programme.<\/span><\/strong><\/p>\n<p><em>En compl\u00e9ment au programme d&#8217;enseignement de base, les stagiaires auront la possibilit\u00e9 de participer \u00e0 des activit\u00e9s grand public optionnelles lors du festival. Les d\u00e9tails de ces activit\u00e9s seront pr\u00e9cis\u00e9s d\u00e8s le 1 <sup>er<\/sup> juin.\u00a0 Il est pr\u00e9vu que les stagiaires qui le d\u00e9sirent, puissent interpr\u00e9ter le r\u00e9pertoire acquis devant public lors d&#8217;une br\u00e8ve performance pr\u00e9sent\u00e9e dans le cadre de la programmation du festival (Concert-Aubade, \u00c9glise, Dimanche)<\/em><\/p>\n<p><strong>MAT\u00c9RIEL FOURNI : <\/strong>Fichiers audio transmis par courriel.<\/p>\n<p><strong>LIEU : <\/strong>Village Saint-Antoine-sur-Richelieu (adresse \u00e0 venir)<\/p>\n<p><strong>HORAIRE : <\/strong><\/p>\n<p><strong>Jeudi<\/strong><br \/>\n10 h \u00e0 12 h : Atelier<br \/>\n12 h \u00e0 14 h : D\u00eener*<br \/>\n14 h \u00e0 17 h : Atelier<br \/>\n18 h : Souper*<\/p>\n<p><strong>Vendredi<\/strong><br \/>\n9 h \u00e0 10 h : D\u00e9jeuner*<br \/>\n10 h \u00e0 12 h : Atelier<br \/>\n12 h \u00e0 14 h : D\u00eener*<br \/>\n14 h \u00e0 17 h : Atelier<\/p>\n<p>*<em>Selon les options choisies.<\/em><\/p>\n","protected":false},"featured_media":3745,"template":"","categories":[],"class_list":["post-3709","stage","type-stage","status-publish","has-post-thumbnail","hentry"],"acf":[],"_links":{"self":[{"href":"https:\/\/chantsdevielles.com\/en\/wp-json\/wp\/v2\/stage\/3709","targetHints":{"allow":["GET"]}}],"collection":[{"href":"https:\/\/chantsdevielles.com\/en\/wp-json\/wp\/v2\/stage"}],"about":[{"href":"https:\/\/chantsdevielles.com\/en\/wp-json\/wp\/v2\/types\/stage"}],"wp:featuredmedia":[{"embeddable":true,"href":"https:\/\/chantsdevielles.com\/en\/wp-json\/wp\/v2\/media\/3745"}],"wp:attachment":[{"href":"https:\/\/chantsdevielles.com\/en\/wp-json\/wp\/v2\/media?parent=3709"}],"wp:term":[{"taxonomy":"category","embeddable":true,"href":"https:\/\/chantsdevielles.com\/en\/wp-json\/wp\/v2\/categories?post=3709"}],"curies":[{"name":"wp","href":"https:\/\/api.w.org\/{rel}","templated":true}]}}